{"id":54422,"date":"2021-04-21T20:15:21","date_gmt":"2021-04-21T20:15:21","guid":{"rendered":"https:\/\/phil.ca\/?page_id=54422"},"modified":"2024-10-23T19:53:14","modified_gmt":"2024-10-23T19:53:14","slug":"etudes-de-cas","status":"publish","type":"page","link":"https:\/\/phil.ca\/fr\/etudes-de-cas\/","title":{"rendered":"\u00c9tudes de cas"},"content":{"rendered":"<p>[et_pb_section fb_built=\u00a0\u00bb1&Prime; specialty=\u00a0\u00bbon\u00a0\u00bb _builder_version=\u00a0\u00bb4.16&Prime; inner_max_width=\u00a0\u00bb100%\u00a0\u00bb custom_margin=\u00a0\u00bb75px||75px||true|false\u00a0\u00bb custom_margin_tablet=\u00a0\u00bb30px||30px||true|false\u00a0\u00bb custom_margin_phone=\u00a0\u00bb0px||0px||true|false\u00a0\u00bb custom_margin_last_edited=\u00a0\u00bbon|phone\u00a0\u00bb da_disable_devices=\u00a0\u00bboff|off|off\u00a0\u00bb locked=\u00a0\u00bboff\u00a0\u00bb global_colors_info=\u00a0\u00bb{}\u00a0\u00bb da_is_popup=\u00a0\u00bboff\u00a0\u00bb da_exit_intent=\u00a0\u00bboff\u00a0\u00bb da_has_close=\u00a0\u00bbon\u00a0\u00bb da_alt_close=\u00a0\u00bboff\u00a0\u00bb da_dark_close=\u00a0\u00bboff\u00a0\u00bb da_not_modal=\u00a0\u00bbon\u00a0\u00bb da_is_singular=\u00a0\u00bboff\u00a0\u00bb da_with_loader=\u00a0\u00bboff\u00a0\u00bb da_has_shadow=\u00a0\u00bbon\u00a0\u00bb][et_pb_column type=\u00a0\u00bb1_4&Prime; _builder_version=\u00a0\u00bb4.16&Prime; custom_padding=\u00a0\u00bb|||\u00a0\u00bb global_colors_info=\u00a0\u00bb{}\u00a0\u00bb custom_padding__hover=\u00a0\u00bb|||\u00a0\u00bb][et_pb_divider color=\u00a0\u00bb#007934&Prime; divider_weight=\u00a0\u00bb16px\u00a0\u00bb disabled_on=\u00a0\u00bbon|off|off\u00a0\u00bb _builder_version=\u00a0\u00bb4.16&Prime; max_width=\u00a0\u00bb48px\u00a0\u00bb custom_margin=\u00a0\u00bb||10px||false|false\u00a0\u00bb locked=\u00a0\u00bboff\u00a0\u00bb global_colors_info=\u00a0\u00bb{}\u00a0\u00bb][\/et_pb_divider][et_pb_text disabled_on=\u00a0\u00bbon|off|off\u00a0\u00bb _builder_version=\u00a0\u00bb4.16&Prime; text_font=\u00a0\u00bb||||||||\u00a0\u00bb text_line_height=\u00a0\u00bb2em\u00a0\u00bb header_font=\u00a0\u00bbNunito Sans|800|||||||\u00a0\u00bb header_text_color=\u00a0\u00bb#212121&Prime; header_line_height=\u00a0\u00bb1.3em\u00a0\u00bb custom_margin=\u00a0\u00bb0px|||||\u00a0\u00bb header_font_size_tablet=\u00a0\u00bb30px\u00a0\u00bb header_font_size_phone=\u00a0\u00bb24px\u00a0\u00bb header_font_size_last_edited=\u00a0\u00bbon|desktop\u00a0\u00bb global_colors_info=\u00a0\u00bb{}\u00a0\u00bb]<\/p>\n<h1>\u00c9tudes de cas<\/h1>\n<p>[\/et_pb_text][\/et_pb_column][et_pb_column type=\u00a0\u00bb3_4&Prime; specialty_columns=\u00a0\u00bb3&Prime; _builder_version=\u00a0\u00bb4.16&Prime; custom_padding=\u00a0\u00bb|||\u00a0\u00bb global_colors_info=\u00a0\u00bb{}\u00a0\u00bb custom_padding__hover=\u00a0\u00bb|||\u00a0\u00bb][et_pb_row_inner column_structure=\u00a0\u00bbundefined\u00a0\u00bb _builder_version=\u00a0\u00bb4.16&Prime; global_colors_info=\u00a0\u00bb{}\u00a0\u00bb][et_pb_column_inner type=\u00a0\u00bbundefined\u00a0\u00bb saved_specialty_column_type=\u00a0\u00bb3_4&Prime; _builder_version=\u00a0\u00bb4.16&Prime; global_colors_info=\u00a0\u00bb{}\u00a0\u00bb][et_pb_text _builder_version=\u00a0\u00bb4.16&Prime; text_font=\u00a0\u00bb||||||||\u00a0\u00bb text_line_height=\u00a0\u00bb2em\u00a0\u00bb header_font=\u00a0\u00bbNunito Sans|900|||||||\u00a0\u00bb header_text_color=\u00a0\u00bb#007934&Prime; header_font_size=\u00a0\u00bb70px\u00a0\u00bb header_line_height=\u00a0\u00bb0.9em\u00a0\u00bb header_3_font=\u00a0\u00bbNunito Sans|800|||||||\u00a0\u00bb header_3_text_color=\u00a0\u00bb#212121&Prime; custom_margin=\u00a0\u00bb||-1px|||\u00a0\u00bb header_font_size_tablet=\u00a0\u00bb60px\u00a0\u00bb header_font_size_phone=\u00a0\u00bb46px\u00a0\u00bb header_font_size_last_edited=\u00a0\u00bbon|phone\u00a0\u00bb locked=\u00a0\u00bboff\u00a0\u00bb global_colors_info=\u00a0\u00bb{}\u00a0\u00bb]<\/p>\n<h1>R\u00e9sultats concrets<\/h1>\n<p>[\/et_pb_text][et_pb_text _builder_version=\u00a0\u00bb4.16&Prime; text_font=\u00a0\u00bb|300|||||||\u00a0\u00bb text_font_size=\u00a0\u00bb18px\u00a0\u00bb header_font=\u00a0\u00bbPoppins|600|||||||\u00a0\u00bb header_font_size=\u00a0\u00bb40px\u00a0\u00bb header_line_height=\u00a0\u00bb1.3em\u00a0\u00bb text_font_size_tablet=\u00a0\u00bb16px\u00a0\u00bb text_font_size_phone=\u00a0\u00bb16px\u00a0\u00bb text_font_size_last_edited=\u00a0\u00bbon|phone\u00a0\u00bb locked=\u00a0\u00bboff\u00a0\u00bb global_colors_info=\u00a0\u00bb{}\u00a0\u00bb]<\/p>\n<p>Nous sommes au sommet de notre art quand nous travaillons main dans la main avec des organisations ouvertes, qui collaborent avec nous, et qui veulent de vrais changements. C\u2019est pourquoi il est naturel pour nous de partager leurs histoires avec vous.<\/p>\n<p>Apprendre des exp\u00e9riences des autres nous permet d\u2019appr\u00e9cier encore plus nos propres d\u00e9fis. Ces r\u00e9sultats concrets r\u00e9v\u00e8lent qu\u2019il n\u2019y a pas de solution magique, personne n\u2019est cach\u00e9 derri\u00e8re le rideau pour tirer les ficelles &#8211; il y a seulement beaucoup de travail et notre exp\u00e9rience qui font toute la diff\u00e9rence.<\/p>\n<p>[\/et_pb_text][et_pb_code admin_label=\u00a0\u00bbSchema Code\u00a0\u00bb _builder_version=\u00a0\u00bb4.16&Prime; global_colors_info=\u00a0\u00bb{}\u00a0\u00bb]<script type=\"application\/ld+json\"><!-- [et_pb_line_break_holder] --> { \"@context\": \"http:\/\/schema.org\",<!-- [et_pb_line_break_holder] --> \"@type\": \"Organization\",<!-- [et_pb_line_break_holder] --> \"name\": \"Phil Communications\",<!-- [et_pb_line_break_holder] --> \"legalName\" : \"Phil Communications\",<!-- [et_pb_line_break_holder] --> \"url\": \"https:\/\/www.phil.ca\/\",<!-- [et_pb_line_break_holder] --> \"logo\": \"https:\/\/phil.ca\/wp-content\/uploads\/phil_Logo_Green.png\",<!-- [et_pb_line_break_holder] --> \"foundingDate\": \"1999\",<!-- [et_pb_line_break_holder] --> \"address\": {<!-- [et_pb_line_break_holder] --> \"@type\": \"PostalAddress\",<!-- [et_pb_line_break_holder] --> \"streetAddress\": \"2360 Notre-Dame St West, Suite 310\",<!-- [et_pb_line_break_holder] --> \"addressLocality\": \"Montreal\",<!-- [et_pb_line_break_holder] --> \"addressRegion\": \"QC\",<!-- [et_pb_line_break_holder] --> \"postalCode\": \"H3J 1N4\",<!-- [et_pb_line_break_holder] --> \"addressCountry\": \"Canada\"<!-- [et_pb_line_break_holder] --> },<!-- [et_pb_line_break_holder] --> \"contactPoint\": {<!-- [et_pb_line_break_holder] --> \"@type\": \"ContactPoint\",<!-- [et_pb_line_break_holder] --> \"contactType\": \"customer support\",<!-- [et_pb_line_break_holder] --> \"telephone\": \"[+833-585-7445]\",<!-- [et_pb_line_break_holder] --> \"email\": \"hello@phil.ca\"<!-- [et_pb_line_break_holder] --> },<!-- [et_pb_line_break_holder] --> \"sameAs\": [ <!-- [et_pb_line_break_holder] -->\t\"https:\/\/www.facebook.com\/PhilCom\/\",<!-- [et_pb_line_break_holder] -->    \"https:\/\/www.linkedin.com\/company\/phil-communications\/?originalSubdomain=ca\",<!-- [et_pb_line_break_holder] -->    \"https:\/\/bcorporation.net\/directory\/phil-communications\",<!-- [et_pb_line_break_holder] -->\t\"https:\/\/www.alignable.com\/montreal-qc\/phil-communications\",<!-- [et_pb_line_break_holder] -->\t\"https:\/\/twitter.com\/philcomm?lang=en\",<!-- [et_pb_line_break_holder] -->\t\"https:\/\/www.instagram.com\/philcommunications\/\",<!-- [et_pb_line_break_holder] -->\t\"https:\/\/www.grenier.qc.ca\/emplois\/41698\/chargee-de-projet\",<!-- [et_pb_line_break_holder] -->\t\"https:\/\/foursquare.com\/v\/phil-communications\/4d80ec8c23c3530ca918f683\",<!-- [et_pb_line_break_holder] -->\t\"https:\/\/www.impak.eco\/fr\/business\/phil-communications-1\/\",<!-- [et_pb_line_break_holder] -->\t\"https:\/\/www.zoominfo.com\/pic\/phil-communications\/347508533\"]<!-- [et_pb_line_break_holder] -->    }<!-- [et_pb_line_break_holder] --><\/script>[\/et_pb_code][\/et_pb_column_inner][\/et_pb_row_inner][et_pb_row_inner column_structure=\u00a0\u00bb1_2,1_2&Prime; disabled_on=\u00a0\u00bboff|off|off\u00a0\u00bb _builder_version=\u00a0\u00bb4.16&Prime; custom_padding=\u00a0\u00bb0px|||||\u00a0\u00bb global_colors_info=\u00a0\u00bb{}\u00a0\u00bb][et_pb_column_inner type=\u00a0\u00bb1_2&Prime; saved_specialty_column_type=\u00a0\u00bb3_4&Prime; _builder_version=\u00a0\u00bb4.16&Prime; global_colors_info=\u00a0\u00bb{}\u00a0\u00bb][et_pb_blurb title=\u00a0\u00bbAQPSC &#038; Membres\u00a0\u00bb image=\u00a0\u00bbhttps:\/\/phil.ca\/wp-content\/uploads\/IMG_4471-3.png\u00a0\u00bb _builder_version=\u00a0\u00bb4.27.0&Prime; header_font=\u00a0\u00bbNunito Sans|800|||||||\u00a0\u00bb transform_translate_linked=\u00a0\u00bboff\u00a0\u00bb custom_margin=\u00a0\u00bb||0px||false|false\u00a0\u00bb custom_margin_tablet=\u00a0\u00bb\u00a0\u00bb custom_margin_phone=\u00a0\u00bb||35px||false|false\u00a0\u00bb custom_margin_last_edited=\u00a0\u00bbon|phone\u00a0\u00bb link_option_url=\u00a0\u00bbhttps:\/\/phil.ca\/fr\/etudes-de-cas\/centres-de-pediatrie-sociale\/\u00a0\u00bb hover_enabled=\u00a0\u00bb0&Prime; locked=\u00a0\u00bboff\u00a0\u00bb global_colors_info=\u00a0\u00bb{}\u00a0\u00bb transform_styles__hover_enabled=\u00a0\u00bbon|hover\u00a0\u00bb transform_scale__hover_enabled=\u00a0\u00bbon|desktop\u00a0\u00bb transform_translate__hover_enabled=\u00a0\u00bbon|hover\u00a0\u00bb transform_rotate__hover_enabled=\u00a0\u00bbon|desktop\u00a0\u00bb transform_skew__hover_enabled=\u00a0\u00bbon|desktop\u00a0\u00bb transform_origin__hover_enabled=\u00a0\u00bbon|desktop\u00a0\u00bb transform_translate__hover=\u00a0\u00bb0px|-5px\u00a0\u00bb alt=\u00a0\u00bbConference talk\u00a0\u00bb title_text=\u00a0\u00bbIMG_4471-3&Prime; sticky_enabled=\u00a0\u00bb0&Prime;]<\/p>\n<p><span>La p\u00e9diatrie sociale en communaut\u00e9 (PSC) est un\u00a0<\/span>mod\u00e8le de m\u00e9decine sociale int\u00e9gr\u00e9<span>\u00a0et centr\u00e9 sur les besoins de l\u2019enfant. Ce mod\u00e8le est fond\u00e9 sur la r\u00e9silience de l\u2019enfant, celle de sa famille et celle de la communaut\u00e9. Il combine les expertises de la m\u00e9decine, du droit et des sciences sociales pour identifier, r\u00e9duire ou \u00e9liminer les sources de stress toxique ainsi que les facteurs de risque qui affectent le d\u00e9veloppement et le bien-\u00eatre des enfants issus de milieux d\u00e9favoris\u00e9s. Fond\u00e9e en 2018 \u00e0 l\u2019initiative de ses membres, l\u2019Alliance qu\u00e9b\u00e9coise des centres de p\u00e9diatrie sociale en communaut\u00e9 (AQPSC) est l\u2019association des centres de p\u00e9diatrie sociale en communaut\u00e9 (CPSC) du Qu\u00e9bec. L\u2019AQPSC est un organisme ind\u00e9pendant \u00e0 but non lucratif qui regroupe, repr\u00e9sente et soutient une quarantaine de CPSC, dont le CPSC de Verdun, Les Petits Renards, le CPSC Centre-Sud et le CPSC d\u2019Argenteuil.<\/span><\/p>\n<p><strong>Lire la suite <img decoding=\"async\" class=\"size-medium alignnone\" src=\"https:\/\/phil.ca\/wp-content\/uploads\/CTA_arrow@2x-1.png\" alt=\"\" width=\"5\" height=\"20\" \/><\/strong><\/p>\n<p>[\/et_pb_blurb][\/et_pb_column_inner][et_pb_column_inner type=\u00a0\u00bb1_2&Prime; saved_specialty_column_type=\u00a0\u00bb3_4&Prime; _builder_version=\u00a0\u00bb4.16&Prime; global_colors_info=\u00a0\u00bb{}\u00a0\u00bb][et_pb_blurb title=\u00a0\u00bbInicio\u00a0\u00bb image=\u00a0\u00bbhttps:\/\/phil.ca\/wp-content\/uploads\/inicio-960&#215;600-1.jpg\u00a0\u00bb _builder_version=\u00a0\u00bb4.25.1&Prime; header_font=\u00a0\u00bbNunito Sans|800|||||||\u00a0\u00bb transform_translate_linked=\u00a0\u00bboff\u00a0\u00bb custom_margin=\u00a0\u00bb||0px||false|false\u00a0\u00bb custom_margin_tablet=\u00a0\u00bb\u00a0\u00bb custom_margin_phone=\u00a0\u00bb||35px||false|false\u00a0\u00bb custom_margin_last_edited=\u00a0\u00bbon|phone\u00a0\u00bb link_option_url=\u00a0\u00bbhttps:\/\/phil.ca\/fr\/etudes-de-cas\/inicio-case-study\/\u00a0\u00bb locked=\u00a0\u00bboff\u00a0\u00bb global_colors_info=\u00a0\u00bb{}\u00a0\u00bb transform_styles__hover_enabled=\u00a0\u00bbon|hover\u00a0\u00bb transform_scale__hover_enabled=\u00a0\u00bbon|desktop\u00a0\u00bb transform_translate__hover_enabled=\u00a0\u00bbon|hover\u00a0\u00bb transform_rotate__hover_enabled=\u00a0\u00bbon|desktop\u00a0\u00bb transform_skew__hover_enabled=\u00a0\u00bbon|desktop\u00a0\u00bb transform_origin__hover_enabled=\u00a0\u00bbon|desktop\u00a0\u00bb transform_translate__hover=\u00a0\u00bb0px|-5px\u00a0\u00bb]<\/p>\n<p>Inicio, anciennement connu sous le nom de Corporation pour la formation et le d\u00e9veloppement ERS, est un organisme \u00e0 but non lucratif de droit f\u00e9d\u00e9ral, \u00e9tabli \u00e0 Montr\u00e9al depuis 1986 et dot\u00e9 du statut d\u2019organisme de bienfaisance. Depuis sa cr\u00e9ation, Inicio a g\u00e9r\u00e9 avec succ\u00e8s plus de 200 programmes de formation \u00e0 l\u2019employabilit\u00e9 et de d\u00e9veloppement professionnel pour les r\u00e9sidents de Montr\u00e9al. Inicio offre des programmes de formation \u00e0 l\u2019emploi et de d\u00e9veloppement personnel afin d\u2019aider les Montr\u00e9alais anglophones de premi\u00e8re et de deuxi\u00e8me langue, sans emploi ou sous-employ\u00e9s \u00e0 atteindre leur plein potentiel.<\/p>\n<p><strong>Lire la suite <img decoding=\"async\" class=\"size-medium alignnone\" src=\"https:\/\/phil.ca\/wp-content\/uploads\/CTA_arrow@2x-1.png\" alt=\"\" width=\"5\" height=\"20\" \/><\/strong><\/p>\n<p>[\/et_pb_blurb][\/et_pb_column_inner][\/et_pb_row_inner][et_pb_row_inner column_structure=\u00a0\u00bb1_2,1_2&Prime; disabled_on=\u00a0\u00bboff|off|off\u00a0\u00bb _builder_version=\u00a0\u00bb4.16&Prime; custom_padding=\u00a0\u00bb0px|||||\u00a0\u00bb global_colors_info=\u00a0\u00bb{}\u00a0\u00bb][et_pb_column_inner type=\u00a0\u00bb1_2&Prime; saved_specialty_column_type=\u00a0\u00bb3_4&Prime; _builder_version=\u00a0\u00bb4.16&Prime; global_colors_info=\u00a0\u00bb{}\u00a0\u00bb][et_pb_blurb title=\u00a0\u00bbThe Unscented Company\u00a0\u00bb image=\u00a0\u00bbhttps:\/\/phil.ca\/wp-content\/uploads\/The-Unsented-Company-1.png\u00a0\u00bb _builder_version=\u00a0\u00bb4.24.2&Prime; header_font=\u00a0\u00bbNunito Sans|800|||||||\u00a0\u00bb transform_translate_linked=\u00a0\u00bboff\u00a0\u00bb custom_margin=\u00a0\u00bb||0px||false|false\u00a0\u00bb custom_margin_tablet=\u00a0\u00bb\u00a0\u00bb custom_margin_phone=\u00a0\u00bb||35px||false|false\u00a0\u00bb custom_margin_last_edited=\u00a0\u00bbon|phone\u00a0\u00bb link_option_url=\u00a0\u00bbhttps:\/\/phil.ca\/fr\/etudes-de-cas\/unscented\/\u00a0\u00bb hover_enabled=\u00a0\u00bb0&Prime; locked=\u00a0\u00bboff\u00a0\u00bb global_colors_info=\u00a0\u00bb{}\u00a0\u00bb transform_styles__hover_enabled=\u00a0\u00bbon|hover\u00a0\u00bb transform_scale__hover_enabled=\u00a0\u00bbon|desktop\u00a0\u00bb transform_translate__hover_enabled=\u00a0\u00bbon|hover\u00a0\u00bb transform_rotate__hover_enabled=\u00a0\u00bbon|desktop\u00a0\u00bb transform_skew__hover_enabled=\u00a0\u00bbon|desktop\u00a0\u00bb transform_origin__hover_enabled=\u00a0\u00bbon|desktop\u00a0\u00bb transform_translate__hover=\u00a0\u00bb0px|-5px\u00a0\u00bb sticky_enabled=\u00a0\u00bb0&Prime;]<\/p>\n<p>The Unscented Company, une entreprise certifi\u00e9e B Corp bas\u00e9e \u00e0 Montr\u00e9al, red\u00e9finit la notion de propret\u00e9 en proposant une gamme compl\u00e8te de produits naturels, pour la maison et le corps, exclusivement sans fragrance, efficaces et con\u00e7us pour r\u00e9duire notre consommation de plastique et d\u2019eau gr\u00e2ce \u00e0 des recharges et \u00e0 des options solides. Depuis novembre 2011, Anie Rouleau, pr\u00e9sidente et fondatrice, travaille avec son \u00e9quipe pour aider \u00e0 la fois les entreprises et les particuliers \u00e0 adopter un mode de vie plus durable en modifiant leurs habitudes de consommation et en faisant \u00e9voluer les standards de l\u2019industrie.<\/p>\n<p><strong>Lire la suite <img decoding=\"async\" class=\"size-medium alignnone\" src=\"https:\/\/phil.ca\/wp-content\/uploads\/CTA_arrow@2x-1.png\" alt=\"\" width=\"5\" height=\"20\" \/><\/strong><\/p>\n<p>[\/et_pb_blurb][\/et_pb_column_inner][et_pb_column_inner type=\u00a0\u00bb1_2&Prime; saved_specialty_column_type=\u00a0\u00bb3_4&Prime; _builder_version=\u00a0\u00bb4.16&Prime; global_colors_info=\u00a0\u00bb{}\u00a0\u00bb][et_pb_blurb title=\u00a0\u00bbGenerations Effect\u00a0\u00bb image=\u00a0\u00bbhttps:\/\/phil.ca\/wp-content\/uploads\/Generations-Effect-1.png\u00a0\u00bb _builder_version=\u00a0\u00bb4.24.2&Prime; header_font=\u00a0\u00bbNunito Sans|800|||||||\u00a0\u00bb transform_translate_linked=\u00a0\u00bboff\u00a0\u00bb custom_margin=\u00a0\u00bb||0px||false|false\u00a0\u00bb custom_margin_tablet=\u00a0\u00bb\u00a0\u00bb custom_margin_phone=\u00a0\u00bb||35px||false|false\u00a0\u00bb custom_margin_last_edited=\u00a0\u00bbon|phone\u00a0\u00bb link_option_url=\u00a0\u00bbhttps:\/\/phil.ca\/fr\/etudes-de-cas\/generations-effect\/\u00a0\u00bb locked=\u00a0\u00bboff\u00a0\u00bb global_colors_info=\u00a0\u00bb{}\u00a0\u00bb transform_styles__hover_enabled=\u00a0\u00bbon|hover\u00a0\u00bb transform_scale__hover_enabled=\u00a0\u00bbon|desktop\u00a0\u00bb transform_translate__hover_enabled=\u00a0\u00bbon|hover\u00a0\u00bb transform_rotate__hover_enabled=\u00a0\u00bbon|desktop\u00a0\u00bb transform_skew__hover_enabled=\u00a0\u00bbon|desktop\u00a0\u00bb transform_origin__hover_enabled=\u00a0\u00bbon|desktop\u00a0\u00bb transform_translate__hover=\u00a0\u00bb0px|-5px\u00a0\u00bb]<\/p>\n<p>Cette entreprise d\u2019\u00e9conomie sociale fournit des services de consultation pour am\u00e9liorer le bien-\u00eatre \u00e9cologique, social et \u00e9conomique de la r\u00e9gion de l\u2019est de la baie Georgienne, en Ontario. Generations Effect est situ\u00e9 en territoire anichinab\u00e9, ce qui permet \u00e0 son \u00e9quipe de travailler en \u00e9troite collaboration avec les communaut\u00e9s des Premi\u00e8res Nations et les peuples autochtones pour prendre soin de l\u2019air, de la terre et de l\u2019eau.<\/p>\n<p><strong>Lire la suite <img decoding=\"async\" class=\"size-medium alignnone\" src=\"https:\/\/phil.ca\/wp-content\/uploads\/CTA_arrow@2x-1.png\" alt=\"\" width=\"5\" height=\"20\" \/><\/strong><\/p>\n<p>[\/et_pb_blurb][\/et_pb_column_inner][\/et_pb_row_inner][et_pb_row_inner column_structure=\u00a0\u00bb1_2,1_2&Prime; _builder_version=\u00a0\u00bb4.16&Prime; custom_padding=\u00a0\u00bb0px|||||\u00a0\u00bb global_colors_info=\u00a0\u00bb{}\u00a0\u00bb][et_pb_column_inner type=\u00a0\u00bb1_2&Prime; saved_specialty_column_type=\u00a0\u00bb3_4&Prime; _builder_version=\u00a0\u00bb4.16&Prime; global_colors_info=\u00a0\u00bb{}\u00a0\u00bb][et_pb_blurb title=\u00a0\u00bbScott Mission\u00a0\u00bb image=\u00a0\u00bbhttps:\/\/phil.ca\/wp-content\/uploads\/Scott-Mission-1.png\u00a0\u00bb _builder_version=\u00a0\u00bb4.24.2&Prime; header_font=\u00a0\u00bbNunito Sans|800|||||||\u00a0\u00bb transform_translate_linked=\u00a0\u00bboff\u00a0\u00bb custom_margin=\u00a0\u00bb||0px||false|false\u00a0\u00bb custom_margin_tablet=\u00a0\u00bb\u00a0\u00bb custom_margin_phone=\u00a0\u00bb||35px||false|false\u00a0\u00bb custom_margin_last_edited=\u00a0\u00bbon|phone\u00a0\u00bb link_option_url=\u00a0\u00bbhttps:\/\/phil.ca\/fr\/etudes-de-cas\/scott-mission\/\u00a0\u00bb locked=\u00a0\u00bboff\u00a0\u00bb global_colors_info=\u00a0\u00bb{}\u00a0\u00bb transform_styles__hover_enabled=\u00a0\u00bbon|hover\u00a0\u00bb transform_scale__hover_enabled=\u00a0\u00bbon|desktop\u00a0\u00bb transform_translate__hover_enabled=\u00a0\u00bbon|hover\u00a0\u00bb transform_rotate__hover_enabled=\u00a0\u00bbon|desktop\u00a0\u00bb transform_skew__hover_enabled=\u00a0\u00bbon|desktop\u00a0\u00bb transform_origin__hover_enabled=\u00a0\u00bbon|desktop\u00a0\u00bb transform_translate__hover=\u00a0\u00bb0px|-5px\u00a0\u00bb]<\/p>\n<p>Un organisme de bienfaisance chr\u00e9tien non confessionnel dont la mission est de r\u00e9pondre aux besoins de la communaut\u00e9, Scott Mission propose une vari\u00e9t\u00e9 de programmes qui offrent un soutien et des provisions aux personnes sans-abri, aux familles \u00e0 faible revenu, aux enfants et aux jeunes. Des garderies aux banques alimentaires, en passant par de l\u2019h\u00e9bergement s\u00e9curitaire, Scott Mission, situ\u00e9 au centre-ville de Toronto, joue un r\u00f4le essentiel pour appuyer la communaut\u00e9.<\/p>\n<p><strong>Lire la suite <img decoding=\"async\" class=\"size-medium alignnone\" src=\"https:\/\/phil.ca\/wp-content\/uploads\/CTA_arrow@2x-1.png\" alt=\"\" width=\"5\" height=\"20\" \/><\/strong><\/p>\n<p>[\/et_pb_blurb][\/et_pb_column_inner][et_pb_column_inner type=\u00a0\u00bb1_2&Prime; saved_specialty_column_type=\u00a0\u00bb3_4&Prime; _builder_version=\u00a0\u00bb4.16&Prime; global_colors_info=\u00a0\u00bb{}\u00a0\u00bb][et_pb_blurb title=\u00a0\u00bbFondation Donald Berman Maimonides\u00a0\u00bb image=\u00a0\u00bbhttps:\/\/phil.ca\/wp-content\/uploads\/DBMF-en-1.png\u00a0\u00bb _builder_version=\u00a0\u00bb4.24.2&Prime; header_font=\u00a0\u00bbNunito Sans|800|||||||\u00a0\u00bb transform_translate_linked=\u00a0\u00bboff\u00a0\u00bb custom_margin=\u00a0\u00bb||0px||false|false\u00a0\u00bb custom_margin_tablet=\u00a0\u00bb\u00a0\u00bb custom_margin_phone=\u00a0\u00bb||35px||false|false\u00a0\u00bb custom_margin_last_edited=\u00a0\u00bbon|phone\u00a0\u00bb link_option_url=\u00a0\u00bb\/fr\/donald-berman-maimonides-foundation\/\u00a0\u00bb locked=\u00a0\u00bboff\u00a0\u00bb global_colors_info=\u00a0\u00bb{}\u00a0\u00bb transform_styles__hover_enabled=\u00a0\u00bbon|hover\u00a0\u00bb transform_scale__hover_enabled=\u00a0\u00bbon|desktop\u00a0\u00bb transform_translate__hover_enabled=\u00a0\u00bbon|hover\u00a0\u00bb transform_rotate__hover_enabled=\u00a0\u00bbon|desktop\u00a0\u00bb transform_skew__hover_enabled=\u00a0\u00bbon|desktop\u00a0\u00bb transform_origin__hover_enabled=\u00a0\u00bbon|desktop\u00a0\u00bb transform_translate__hover=\u00a0\u00bb0px|-5px\u00a0\u00bb]<\/p>\n<p>La Fondation du Centre g\u00e9riatrique Donald Berman Maimonides (DBMF) contribue de fa\u00e7on significative au bien-\u00eatre de la population vieillissante du Qu\u00e9bec en finan\u00e7ant l\u2019am\u00e9lioration des services et des installations du Centre et en faisant progresser la recherche en soins g\u00e9riatriques. Nous croyons que chaque r\u00e9sident du Centre devrait b\u00e9n\u00e9ficier de soins g\u00e9riatriques novateurs et vivre avec dignit\u00e9 et mieux-\u00eatre.<\/p>\n<p><strong>Lire la suite <img decoding=\"async\" class=\"size-medium alignnone\" src=\"https:\/\/phil.ca\/wp-content\/uploads\/CTA_arrow@2x-1.png\" alt=\"\" width=\"5\" height=\"20\" \/><\/strong><\/p>\n<p>[\/et_pb_blurb][\/et_pb_column_inner][\/et_pb_row_inner][et_pb_row_inner column_structure=\u00a0\u00bb1_2,1_2&Prime; _builder_version=\u00a0\u00bb4.16&Prime; custom_padding=\u00a0\u00bb0px|||||\u00a0\u00bb global_colors_info=\u00a0\u00bb{}\u00a0\u00bb][et_pb_column_inner type=\u00a0\u00bb1_2&Prime; saved_specialty_column_type=\u00a0\u00bb3_4&Prime; _builder_version=\u00a0\u00bb4.16&Prime; global_colors_info=\u00a0\u00bb{}\u00a0\u00bb][et_pb_blurb title=\u00a0\u00bb RCAAQ Waskapitan\u00a0\u00bb image=\u00a0\u00bbhttps:\/\/phil.ca\/wp-content\/uploads\/RCAAQ-Waskapitan-1.png\u00a0\u00bb _builder_version=\u00a0\u00bb4.24.2&Prime; header_font=\u00a0\u00bbNunito Sans|800|||||||\u00a0\u00bb transform_translate_linked=\u00a0\u00bboff\u00a0\u00bb custom_margin=\u00a0\u00bb||0px||false|false\u00a0\u00bb custom_margin_tablet=\u00a0\u00bb\u00a0\u00bb custom_margin_phone=\u00a0\u00bb||35px||false|false\u00a0\u00bb custom_margin_last_edited=\u00a0\u00bbon|phone\u00a0\u00bb link_option_url=\u00a0\u00bb\/fr\/waskapitan\/\u00a0\u00bb locked=\u00a0\u00bboff\u00a0\u00bb global_colors_info=\u00a0\u00bb{}\u00a0\u00bb transform_styles__hover_enabled=\u00a0\u00bbon|hover\u00a0\u00bb transform_scale__hover_enabled=\u00a0\u00bbon|desktop\u00a0\u00bb transform_translate__hover_enabled=\u00a0\u00bbon|hover\u00a0\u00bb transform_rotate__hover_enabled=\u00a0\u00bbon|desktop\u00a0\u00bb transform_skew__hover_enabled=\u00a0\u00bbon|desktop\u00a0\u00bb transform_origin__hover_enabled=\u00a0\u00bbon|desktop\u00a0\u00bb transform_translate__hover=\u00a0\u00bb0px|-5px\u00a0\u00bb]<\/p>\n<p>Depuis plus de 40 ans, le Regroupement des centres d&rsquo;amiti\u00e9 autochtones du Que\u0301bec (RCAAQ) milite pour les droits et les int\u00e9r\u00eats des citoyens autochtones. L\u2019organisme repr\u00e9sente 11 centres d&rsquo;amiti\u00e9 r\u00e9partis dans tout le Qu\u00e9bec.<\/p>\n<p><strong>Lire la suite <img decoding=\"async\" class=\"size-medium alignnone\" src=\"https:\/\/phil.ca\/wp-content\/uploads\/CTA_arrow@2x-1.png\" alt=\"\" width=\"5\" height=\"20\" \/><\/strong><\/p>\n<p>[\/et_pb_blurb][\/et_pb_column_inner][et_pb_column_inner type=\u00a0\u00bb1_2&Prime; saved_specialty_column_type=\u00a0\u00bb3_4&Prime; _builder_version=\u00a0\u00bb4.16&Prime; global_colors_info=\u00a0\u00bb{}\u00a0\u00bb][et_pb_blurb title=\u00a0\u00bb\u00c9cole des sciences de la gestion de l\u2019UQAM\u00a0\u00bb image=\u00a0\u00bbhttps:\/\/phil.ca\/wp-content\/uploads\/UQAM-FR-1.png\u00a0\u00bb _builder_version=\u00a0\u00bb4.24.2&Prime; header_font=\u00a0\u00bbNunito Sans|800|||||||\u00a0\u00bb transform_translate_linked=\u00a0\u00bboff\u00a0\u00bb custom_margin=\u00a0\u00bb||0px||false|false\u00a0\u00bb custom_margin_tablet=\u00a0\u00bb\u00a0\u00bb custom_margin_phone=\u00a0\u00bb||35px||false|false\u00a0\u00bb custom_margin_last_edited=\u00a0\u00bbon|phone\u00a0\u00bb custom_padding=\u00a0\u00bb||0px|||\u00a0\u00bb link_option_url=\u00a0\u00bb\/fr\/esg-uqam\/\u00a0\u00bb locked=\u00a0\u00bboff\u00a0\u00bb global_colors_info=\u00a0\u00bb{}\u00a0\u00bb transform_styles__hover_enabled=\u00a0\u00bbon|hover\u00a0\u00bb transform_scale__hover_enabled=\u00a0\u00bbon|desktop\u00a0\u00bb transform_translate__hover_enabled=\u00a0\u00bbon|hover\u00a0\u00bb transform_rotate__hover_enabled=\u00a0\u00bbon|desktop\u00a0\u00bb transform_skew__hover_enabled=\u00a0\u00bbon|desktop\u00a0\u00bb transform_origin__hover_enabled=\u00a0\u00bbon|desktop\u00a0\u00bb transform_translate__hover=\u00a0\u00bb0px|-5px\u00a0\u00bb]<\/p>\n<p>Fond\u00e9e en 1969 avec la fusion de cinq \u00e9tablissements \u00e9ducatifs de Montr\u00e9al, l\u2019Universit\u00e9 du Qu\u00e9bec \u00e0 Montr\u00e9al (UQAM) fait partie int\u00e9grante du r\u00e9seau public de l\u2019Universit\u00e9 du Qu\u00e9bec.<\/p>\n<p><strong>Lire la suite <img decoding=\"async\" class=\"size-medium alignnone\" src=\"https:\/\/phil.ca\/wp-content\/uploads\/CTA_arrow@2x-1.png\" alt=\"\" width=\"5\" height=\"20\" \/><\/strong><\/p>\n<p>[\/et_pb_blurb][\/et_pb_column_inner][\/et_pb_row_inner][et_pb_row_inner column_structure=\u00a0\u00bb1_2,1_2&Prime; _builder_version=\u00a0\u00bb4.16&Prime; custom_padding=\u00a0\u00bb0px|||||\u00a0\u00bb locked=\u00a0\u00bboff\u00a0\u00bb global_colors_info=\u00a0\u00bb{}\u00a0\u00bb][et_pb_column_inner type=\u00a0\u00bb1_2&Prime; saved_specialty_column_type=\u00a0\u00bb3_4&Prime; _builder_version=\u00a0\u00bb4.16&Prime; global_colors_info=\u00a0\u00bb{}\u00a0\u00bb][et_pb_blurb title=\u00a0\u00bbBromont Ultra\u00a0\u00bb image=\u00a0\u00bbhttps:\/\/phil.ca\/wp-content\/uploads\/Bromont-Ultra-1.png\u00a0\u00bb _builder_version=\u00a0\u00bb4.24.2&Prime; header_font=\u00a0\u00bbNunito Sans|800|||||||\u00a0\u00bb transform_translate_linked=\u00a0\u00bboff\u00a0\u00bb custom_margin=\u00a0\u00bb||0px||false|false\u00a0\u00bb custom_margin_tablet=\u00a0\u00bb\u00a0\u00bb custom_margin_phone=\u00a0\u00bb||35px||false|false\u00a0\u00bb custom_margin_last_edited=\u00a0\u00bbon|phone\u00a0\u00bb link_option_url=\u00a0\u00bb\/fr\/bromont-ultra\/\u00a0\u00bb locked=\u00a0\u00bboff\u00a0\u00bb global_colors_info=\u00a0\u00bb{}\u00a0\u00bb transform_styles__hover_enabled=\u00a0\u00bbon|hover\u00a0\u00bb transform_scale__hover_enabled=\u00a0\u00bbon|desktop\u00a0\u00bb transform_translate__hover_enabled=\u00a0\u00bbon|hover\u00a0\u00bb transform_rotate__hover_enabled=\u00a0\u00bbon|desktop\u00a0\u00bb transform_skew__hover_enabled=\u00a0\u00bbon|desktop\u00a0\u00bb transform_origin__hover_enabled=\u00a0\u00bbon|desktop\u00a0\u00bb transform_translate__hover=\u00a0\u00bb0px|-5px\u00a0\u00bb]<\/p>\n<p>Le Bromont Ultra est une course-\u00e9v\u00e9nement de collecte de fonds de deux jours unique en son genre. Enti\u00e8rement organis\u00e9e par des b\u00e9n\u00e9voles, elle est l\u2019une des seules courses en sentiers de l\u2019est du Canada \u00e0 proposer un parcours \u00e9prouvant de 160 km aux athl\u00e8tes qui veulent repousser leurs limites.<\/p>\n<p><strong>Lire la suite\u00a0<img decoding=\"async\" class=\"size-medium alignnone\" src=\"https:\/\/phil.ca\/wp-content\/uploads\/CTA_arrow@2x-1.png\" alt=\"\" width=\"5\" height=\"20\" \/><\/strong><\/p>\n<p>[\/et_pb_blurb][\/et_pb_column_inner][et_pb_column_inner type=\u00a0\u00bb1_2&Prime; saved_specialty_column_type=\u00a0\u00bb3_4&Prime; _builder_version=\u00a0\u00bb4.16&Prime; global_colors_info=\u00a0\u00bb{}\u00a0\u00bb][et_pb_blurb title=\u00a0\u00bbR\u00e9seau Enfants-Retour\u00a0\u00bb image=\u00a0\u00bbhttps:\/\/phil.ca\/wp-content\/uploads\/Missing-Childrens-Network-1.png\u00a0\u00bb _builder_version=\u00a0\u00bb4.24.2&Prime; header_font=\u00a0\u00bbNunito Sans|800|||||||\u00a0\u00bb transform_translate_linked=\u00a0\u00bboff\u00a0\u00bb custom_margin=\u00a0\u00bb||0px||false|false\u00a0\u00bb custom_margin_tablet=\u00a0\u00bb\u00a0\u00bb custom_margin_phone=\u00a0\u00bb||35px||false|false\u00a0\u00bb custom_margin_last_edited=\u00a0\u00bbon|phone\u00a0\u00bb custom_padding=\u00a0\u00bb||0px|||\u00a0\u00bb link_option_url=\u00a0\u00bb\/fr\/reseau-enfants-retour\/\u00a0\u00bb locked=\u00a0\u00bboff\u00a0\u00bb global_colors_info=\u00a0\u00bb{}\u00a0\u00bb transform_styles__hover_enabled=\u00a0\u00bbon|hover\u00a0\u00bb transform_scale__hover_enabled=\u00a0\u00bbon|desktop\u00a0\u00bb transform_translate__hover_enabled=\u00a0\u00bbon|hover\u00a0\u00bb transform_rotate__hover_enabled=\u00a0\u00bbon|desktop\u00a0\u00bb transform_skew__hover_enabled=\u00a0\u00bbon|desktop\u00a0\u00bb transform_origin__hover_enabled=\u00a0\u00bbon|desktop\u00a0\u00bb transform_translate__hover=\u00a0\u00bb0px|-5px\u00a0\u00bb]<\/p>\n<p>Depuis 1985, R\u00e9seau Enfants-Retour a travaill\u00e9 avec les familles, les policiers et les services sociaux pour aider \u00e0 la recherche d\u2019enfants disparus et \u00e9duquer le public sur la s\u00e9curit\u00e9 des enfants et la pr\u00e9vention de leur exploitation.<\/p>\n<p><strong>Lire la suite <img decoding=\"async\" class=\"size-medium alignnone\" src=\"https:\/\/phil.ca\/wp-content\/uploads\/CTA_arrow@2x-1.png\" alt=\"\" width=\"5\" height=\"20\" \/><\/strong><\/p>\n<p>[\/et_pb_blurb][\/et_pb_column_inner][\/et_pb_row_inner][et_pb_row_inner column_structure=\u00a0\u00bb1_2,1_2&Prime; _builder_version=\u00a0\u00bb4.16&Prime; custom_padding=\u00a0\u00bb0px|||||\u00a0\u00bb locked=\u00a0\u00bboff\u00a0\u00bb global_colors_info=\u00a0\u00bb{}\u00a0\u00bb][et_pb_column_inner type=\u00a0\u00bb1_2&Prime; saved_specialty_column_type=\u00a0\u00bb3_4&Prime; _builder_version=\u00a0\u00bb4.16&Prime; global_colors_info=\u00a0\u00bb{}\u00a0\u00bb][et_pb_blurb title=\u00a0\u00bbFacult\u00e9 de gestion Desautels de l\u2019Universit\u00e9 McGill\u00a0\u00bb image=\u00a0\u00bbhttps:\/\/phil.ca\/wp-content\/uploads\/McGill-EN-1.png\u00a0\u00bb _builder_version=\u00a0\u00bb4.24.2&Prime; header_font=\u00a0\u00bbNunito Sans|800|||||||\u00a0\u00bb transform_translate_linked=\u00a0\u00bboff\u00a0\u00bb transform_translate_linked__hover=\u00a0\u00bboff\u00a0\u00bb custom_margin=\u00a0\u00bb||0px||false|false\u00a0\u00bb custom_margin_tablet=\u00a0\u00bb\u00a0\u00bb custom_margin_phone=\u00a0\u00bb||35px||false|false\u00a0\u00bb custom_margin_last_edited=\u00a0\u00bbon|phone\u00a0\u00bb custom_padding=\u00a0\u00bb||0px|||\u00a0\u00bb link_option_url=\u00a0\u00bb\/fr\/faculte-de-gestion-desautels-de-luniversite-mcgill\/\u00a0\u00bb locked=\u00a0\u00bboff\u00a0\u00bb global_colors_info=\u00a0\u00bb{}\u00a0\u00bb transform_styles__hover_enabled=\u00a0\u00bbon|hover\u00a0\u00bb transform_scale__hover_enabled=\u00a0\u00bbon|desktop\u00a0\u00bb transform_translate__hover_enabled=\u00a0\u00bbon|hover\u00a0\u00bb transform_rotate__hover_enabled=\u00a0\u00bbon|desktop\u00a0\u00bb transform_skew__hover_enabled=\u00a0\u00bbon|desktop\u00a0\u00bb transform_origin__hover_enabled=\u00a0\u00bbon|desktop\u00a0\u00bb transform_translate__hover=\u00a0\u00bb0px|-5px\u00a0\u00bb]<\/p>\n<p>Fond\u00e9e en 1905, la facult\u00e9 de gestion Desautels de l\u2019Universit\u00e9 McGill est class\u00e9e parmi les meilleures \u00e9coles de commerce au monde selon les magazines BusinessWeek, Canadian Business, Forbes, The Economist et le Financial Times.<\/p>\n<p><strong>Lire la suite <img decoding=\"async\" class=\"size-medium alignnone\" src=\"https:\/\/phil.ca\/wp-content\/uploads\/CTA_arrow@2x-1.png\" alt=\"\" width=\"5\" height=\"20\" \/><\/strong><\/p>\n<p>[\/et_pb_blurb][\/et_pb_column_inner][et_pb_column_inner type=\u00a0\u00bb1_2&Prime; saved_specialty_column_type=\u00a0\u00bb3_4&Prime; _builder_version=\u00a0\u00bb4.16&Prime; global_colors_info=\u00a0\u00bb{}\u00a0\u00bb][\/et_pb_column_inner][\/et_pb_row_inner][\/et_pb_column][\/et_pb_section]<\/p>\n","protected":false},"excerpt":{"rendered":"<p>\u00c9tudes de casR\u00e9sultats concretsNous sommes au sommet de notre art quand nous travaillons main dans la main avec des organisations ouvertes, qui collaborent avec nous, et qui veulent de vrais changements. C\u2019est pourquoi il est naturel pour nous de partager leurs histoires avec vous. Apprendre des exp\u00e9riences des autres nous permet d\u2019appr\u00e9cier encore plus nos propres d\u00e9fis. Ces r\u00e9sultats concrets r\u00e9v\u00e8lent qu\u2019il n\u2019y a pas de solution magique, personne n\u2019est cach\u00e9 derri\u00e8re le rideau pour tirer les ficelles &#8211; il y a seulement beaucoup de travail et notre exp\u00e9rience qui font toute la diff\u00e9rence.La p\u00e9diatrie sociale en communaut\u00e9 (PSC) est un\u00a0mod\u00e8le de m\u00e9decine sociale int\u00e9gr\u00e9\u00a0et centr\u00e9 sur les besoins de l\u2019enfant. Ce mod\u00e8le est fond\u00e9 sur la r\u00e9silience de l\u2019enfant, celle de sa famille et celle de la communaut\u00e9. Il combine les expertises de la m\u00e9decine, du droit et des sciences sociales pour identifier, r\u00e9duire ou \u00e9liminer les sources de stress toxique ainsi que les facteurs de risque qui affectent le d\u00e9veloppement et le bien-\u00eatre des enfants issus de milieux d\u00e9favoris\u00e9s. Fond\u00e9e en 2018 \u00e0 l\u2019initiative de ses membres, l\u2019Alliance qu\u00e9b\u00e9coise des centres de p\u00e9diatrie sociale en communaut\u00e9 (AQPSC) est l\u2019association des centres de p\u00e9diatrie sociale en communaut\u00e9 (CPSC) du Qu\u00e9bec. L\u2019AQPSC est un organisme ind\u00e9pendant \u00e0 but non lucratif qui regroupe, repr\u00e9sente et soutient une quarantaine de CPSC, dont le CPSC de Verdun, Les Petits Renards, le CPSC Centre-Sud et le CPSC d\u2019Argenteuil. Lire la suite Inicio, anciennement connu sous le nom de Corporation pour la formation et le d\u00e9veloppement ERS, est un organisme \u00e0 but non lucratif de droit f\u00e9d\u00e9ral, \u00e9tabli \u00e0 Montr\u00e9al depuis 1986 et dot\u00e9 du statut d\u2019organisme de bienfaisance. Depuis sa cr\u00e9ation, Inicio a g\u00e9r\u00e9 avec succ\u00e8s plus de 200 programmes de formation \u00e0 l\u2019employabilit\u00e9 et de d\u00e9veloppement professionnel pour les r\u00e9sidents de Montr\u00e9al. Inicio offre des programmes de formation \u00e0 l\u2019emploi et de d\u00e9veloppement personnel afin d\u2019aider les Montr\u00e9alais anglophones de premi\u00e8re et de deuxi\u00e8me langue, sans emploi ou sous-employ\u00e9s \u00e0 atteindre leur plein potentiel. Lire la suite The Unscented Company, une entreprise certifi\u00e9e B Corp bas\u00e9e \u00e0 Montr\u00e9al, red\u00e9finit la notion de propret\u00e9 en proposant une gamme compl\u00e8te de produits naturels, pour la maison et le corps, exclusivement sans fragrance, efficaces et con\u00e7us pour r\u00e9duire notre consommation de plastique et d\u2019eau gr\u00e2ce \u00e0 des recharges et \u00e0 des options solides. Depuis novembre 2011, Anie Rouleau, pr\u00e9sidente et fondatrice, travaille avec son \u00e9quipe pour aider \u00e0 la fois les entreprises et les particuliers \u00e0 adopter un mode de vie plus durable en modifiant leurs habitudes de consommation et en faisant \u00e9voluer les standards de l\u2019industrie. Lire la suite Cette entreprise d\u2019\u00e9conomie sociale fournit des services de consultation pour am\u00e9liorer le bien-\u00eatre \u00e9cologique, social et \u00e9conomique de la r\u00e9gion de l\u2019est de la baie Georgienne, en Ontario. Generations Effect est situ\u00e9 en territoire anichinab\u00e9, ce qui permet \u00e0 son \u00e9quipe de travailler en \u00e9troite collaboration avec les communaut\u00e9s des Premi\u00e8res Nations et les peuples autochtones pour prendre soin de l\u2019air, de la terre et de l\u2019eau. Lire la suite Un organisme de bienfaisance chr\u00e9tien non confessionnel dont la mission est de r\u00e9pondre aux besoins de la communaut\u00e9, Scott Mission propose une vari\u00e9t\u00e9 de programmes qui offrent un soutien et des provisions aux personnes sans-abri, aux familles \u00e0 faible revenu, aux enfants et aux jeunes. Des garderies aux banques alimentaires, en passant par de l\u2019h\u00e9bergement s\u00e9curitaire, Scott Mission, situ\u00e9 au centre-ville de Toronto, joue un r\u00f4le essentiel pour appuyer la communaut\u00e9. Lire la suite La Fondation du Centre g\u00e9riatrique Donald Berman Maimonides (DBMF) contribue de fa\u00e7on significative au bien-\u00eatre de la population vieillissante du Qu\u00e9bec en finan\u00e7ant l\u2019am\u00e9lioration des services et des installations du Centre et en faisant progresser la recherche en soins g\u00e9riatriques. Nous croyons que chaque r\u00e9sident du Centre devrait b\u00e9n\u00e9ficier de soins g\u00e9riatriques novateurs et vivre avec dignit\u00e9 et mieux-\u00eatre. Lire la suite Depuis plus de 40 ans, le Regroupement des centres d&rsquo;amiti\u00e9 autochtones du Que\u0301bec (RCAAQ) milite pour les droits et les int\u00e9r\u00eats des citoyens autochtones. L\u2019organisme repr\u00e9sente 11 centres d&rsquo;amiti\u00e9 r\u00e9partis dans tout le Qu\u00e9bec. Lire la suite Fond\u00e9e en 1969 avec la fusion de cinq \u00e9tablissements \u00e9ducatifs de Montr\u00e9al, l\u2019Universit\u00e9 du Qu\u00e9bec \u00e0 Montr\u00e9al (UQAM) fait partie int\u00e9grante du r\u00e9seau public de l\u2019Universit\u00e9 du Qu\u00e9bec. Lire la suite Le Bromont Ultra est une course-\u00e9v\u00e9nement de collecte de fonds de deux jours unique en son genre. Enti\u00e8rement organis\u00e9e par des b\u00e9n\u00e9voles, elle est l\u2019une des seules courses en sentiers de l\u2019est du Canada \u00e0 proposer un parcours \u00e9prouvant de 160 km aux athl\u00e8tes qui veulent repousser leurs limites. Lire la suite\u00a0Depuis 1985, R\u00e9seau Enfants-Retour a travaill\u00e9 avec les familles, les policiers et les services sociaux pour aider \u00e0 la recherche d\u2019enfants disparus et \u00e9duquer le public sur la s\u00e9curit\u00e9 des enfants et la pr\u00e9vention de leur exploitation. Lire la suite Fond\u00e9e en 1905, la facult\u00e9 de gestion Desautels de l\u2019Universit\u00e9 McGill est class\u00e9e parmi les meilleures \u00e9coles de commerce au monde selon les magazines BusinessWeek, Canadian Business, Forbes, The Economist et le Financial Times. Lire la suite<\/p>\n","protected":false},"author":5,"featured_media":0,"parent":0,"menu_order":0,"comment_status":"closed","ping_status":"closed","template":"","meta":{"_et_pb_use_builder":"on","_et_pb_old_content":"<p>[et_pb_section fb_built=\"1\" specialty=\"on\" _builder_version=\"3.27.4\" inner_max_width=\"100%\" custom_margin=\"75px||75px||true|false\" custom_margin_tablet=\"30px||30px||true|false\" custom_margin_phone=\"0px||0px||true|false\" custom_margin_last_edited=\"on|phone\" da_disable_devices=\"off|off|off\" locked=\"off\" da_is_popup=\"off\" da_exit_intent=\"off\" da_has_close=\"on\" da_alt_close=\"off\" da_dark_close=\"off\" da_not_modal=\"on\" da_is_singular=\"off\" da_with_loader=\"off\" da_has_shadow=\"on\"][et_pb_column type=\"1_4\" _builder_version=\"3.25\" custom_padding=\"|||\" custom_padding__hover=\"|||\"][et_pb_divider color=\"#007934\" divider_weight=\"16px\" disabled_on=\"on|off|off\" _builder_version=\"4.9.4\" max_width=\"48px\" custom_margin=\"||10px||false|false\" hover_enabled=\"0\" locked=\"off\" sticky_enabled=\"0\"]<br \/>[\/et_pb_divider][et_pb_text disabled_on=\"on|off|off\" _builder_version=\"3.27.4\" text_font=\"||||||||\" text_line_height=\"2em\" header_font=\"Nunito Sans|800|||||||\" header_text_color=\"#212121\" header_line_height=\"1.3em\" custom_margin=\"0px|||||\" header_font_size_tablet=\"30px\" header_font_size_phone=\"24px\" header_font_size_last_edited=\"on|desktop\"]<\/p><h1>Our work<\/h1><p>[\/et_pb_text][\/et_pb_column][et_pb_column type=\"3_4\" specialty_columns=\"3\" _builder_version=\"3.25\" custom_padding=\"|||\" custom_padding__hover=\"|||\"][et_pb_row_inner column_structure=\"undefined\" _builder_version=\"3.27.4\"][et_pb_column_inner type=\"undefined\" saved_specialty_column_type=\"3_4\" _builder_version=\"3.27.4\"][et_pb_text _builder_version=\"4.9.4\" text_font=\"||||||||\" text_line_height=\"2em\" header_font=\"Nunito Sans|900|||||||\" header_text_color=\"#007934\" header_font_size=\"70px\" header_line_height=\"0.9em\" header_3_font=\"Nunito Sans|800|||||||\" header_3_text_color=\"#212121\" custom_margin=\"||-1px|||\" hover_enabled=\"0\" header_font_size_tablet=\"60px\" header_font_size_phone=\"46px\" header_font_size_last_edited=\"on|phone\" locked=\"off\" sticky_enabled=\"0\"]<\/p><h1>Real-world results<\/h1><p>[\/et_pb_text][et_pb_text _builder_version=\"3.27.4\" text_font=\"|300|||||||\" text_font_size=\"18px\" header_font=\"Poppins|600|||||||\" header_font_size=\"40px\" header_line_height=\"1.3em\" text_font_size_tablet=\"16px\" text_font_size_phone=\"16px\" text_font_size_last_edited=\"on|phone\" locked=\"off\"]<\/p><p>We\u2019re at our best when we\u2019re working hand-in-hand with organizations that are open, collaborative, and want to make real change happen. So it is natural that we would like to share their stories with you.<\/p><p>Learning from the experiences of others makes us value our own challenges even more. These real-world results reveal that are no magic solution, no man behind the curtain pulling strings - just hard work and an experienced guide making all of the difference.<\/p><p>\u00a0<\/p><p>[\/et_pb_text][et_pb_code _builder_version=\"3.27.4\"]<script type=\"application\/ld+json\"><!-- [et_pb_line_break_holder] --> { \"@context\": \"http:\/\/schema.org\",<!-- [et_pb_line_break_holder] --> \"@type\": \"Organization\",<!-- [et_pb_line_break_holder] --> \"name\": \"Phil Communications\",<!-- [et_pb_line_break_holder] --> \"legalName\" : \"Phil Communications\",<!-- [et_pb_line_break_holder] --> \"url\": \"https:\/\/www.phil.ca\/\",<!-- [et_pb_line_break_holder] --> \"logo\": \"https:\/\/phil.ca\/wp-content\/uploads\/phil_Logo_Green.png\",<!-- [et_pb_line_break_holder] --> \"foundingDate\": \"1999\",<!-- [et_pb_line_break_holder] --> \"address\": {<!-- [et_pb_line_break_holder] --> \"@type\": \"PostalAddress\",<!-- [et_pb_line_break_holder] --> \"streetAddress\": \"2360 Notre-Dame St West, Suite 310\",<!-- [et_pb_line_break_holder] --> \"addressLocality\": \"Montreal\",<!-- [et_pb_line_break_holder] --> \"addressRegion\": \"QC\",<!-- [et_pb_line_break_holder] --> \"postalCode\": \"H3J 1N4\",<!-- [et_pb_line_break_holder] --> \"addressCountry\": \"Canada\"<!-- [et_pb_line_break_holder] --> },<!-- [et_pb_line_break_holder] --> \"contactPoint\": {<!-- [et_pb_line_break_holder] --> \"@type\": \"ContactPoint\",<!-- [et_pb_line_break_holder] --> \"contactType\": \"customer support\",<!-- [et_pb_line_break_holder] --> \"telephone\": \"[+833-585-7445]\",<!-- [et_pb_line_break_holder] --> \"email\": \"hello@phil.ca\"<!-- [et_pb_line_break_holder] --> },<!-- [et_pb_line_break_holder] --> \"sameAs\": [ <!-- [et_pb_line_break_holder] -->\t\"https:\/\/www.facebook.com\/PhilCom\/\",<!-- [et_pb_line_break_holder] -->    \"https:\/\/www.linkedin.com\/company\/phil-communications\/?originalSubdomain=ca\",<!-- [et_pb_line_break_holder] -->    \"https:\/\/bcorporation.net\/directory\/phil-communications\",<!-- [et_pb_line_break_holder] -->\t\"https:\/\/www.alignable.com\/montreal-qc\/phil-communications\",<!-- [et_pb_line_break_holder] -->\t\"https:\/\/twitter.com\/philcomm?lang=en\",<!-- [et_pb_line_break_holder] -->\t\"https:\/\/www.instagram.com\/philcommunications\/\",<!-- [et_pb_line_break_holder] -->\t\"https:\/\/www.grenier.qc.ca\/emplois\/41698\/chargee-de-projet\",<!-- [et_pb_line_break_holder] -->\t\"https:\/\/foursquare.com\/v\/phil-communications\/4d80ec8c23c3530ca918f683\",<!-- [et_pb_line_break_holder] -->\t\"https:\/\/www.impak.eco\/fr\/business\/phil-communications-1\/\",<!-- [et_pb_line_break_holder] -->\t\"https:\/\/www.zoominfo.com\/pic\/phil-communications\/347508533\"]<!-- [et_pb_line_break_holder] -->    }<!-- [et_pb_line_break_holder] --><\/script>[\/et_pb_code][\/et_pb_column_inner][\/et_pb_row_inner][et_pb_row_inner column_structure=\"1_2,1_2\" _builder_version=\"3.27.4\" custom_padding=\"0px|||||\"][et_pb_column_inner type=\"1_2\" saved_specialty_column_type=\"3_4\" _builder_version=\"3.27.4\"][et_pb_blurb title=\"Bromont Ultra\" image=\"https:\/\/phil.ca\/wp-content\/uploads\/bromont-ultra-case-study-preview.jpg\" _builder_version=\"3.27.4\" header_font=\"Nunito Sans|800|||||||\" transform_translate_linked=\"off\" custom_margin=\"||0px||false|false\" custom_margin_tablet=\"\" custom_margin_phone=\"||35px||false|false\" custom_margin_last_edited=\"on|phone\" link_option_url=\"\/bromont-ultra\/\" locked=\"off\" transform_styles__hover_enabled=\"on|hover\" transform_scale__hover_enabled=\"on|desktop\" transform_translate__hover_enabled=\"on|hover\" transform_rotate__hover_enabled=\"on|desktop\" transform_skew__hover_enabled=\"on|desktop\" transform_origin__hover_enabled=\"on|desktop\" transform_translate__hover=\"0px|-5px\"]<\/p><p>The Bromont Ultra is a two-day volunteer-run fundraising race like no other. It is one of the only trail races in Eastern Canada to offer a challenging 160km course for athletes looking for the ultimate physical test.<\/p><p><strong>Read more <img class=\"size-medium alignnone\" src=\"https:\/\/phil.ca\/wp-content\/uploads\/CTA_arrow@2x-1.png\" alt=\"\" width=\"5\" height=\"20\" \/><\/strong><\/p><p>[\/et_pb_blurb][\/et_pb_column_inner][et_pb_column_inner type=\"1_2\" saved_specialty_column_type=\"3_4\" _builder_version=\"3.27.4\"][et_pb_blurb title=\"McGill\u2019s Desautels Faculty of Management\" image=\"https:\/\/phil.ca\/wp-content\/uploads\/McGill-Biz-School-Image.jpg\" _builder_version=\"3.27.4\" header_font=\"Nunito Sans|800|||||||\" transform_translate_linked=\"off\" transform_translate_linked__hover=\"off\" custom_margin=\"||0px||false|false\" custom_margin_tablet=\"\" custom_margin_phone=\"||35px||false|false\" custom_margin_last_edited=\"on|phone\" link_option_url=\"\/mcgills-desautels-faculty-of-management\/\" locked=\"off\" transform_styles__hover_enabled=\"on|hover\" transform_scale__hover_enabled=\"on|desktop\" transform_translate__hover_enabled=\"on|hover\" transform_rotate__hover_enabled=\"on|desktop\" transform_skew__hover_enabled=\"on|desktop\" transform_origin__hover_enabled=\"on|desktop\" transform_translate__hover=\"0px|-5px\"]<\/p><p>Founded in 1906, the Desautels Faculty of Management at McGill University is ranked as one of the world\u2019s top international business schools by BusinessWeek, Canadian Business, Forbes, The Economist and The Financial Times.<\/p><p><strong>Read more <img class=\"size-medium alignnone\" src=\"https:\/\/phil.ca\/wp-content\/uploads\/CTA_arrow@2x-1.png\" alt=\"\" width=\"5\" height=\"20\" \/><\/strong>[\/et_pb_blurb][\/et_pb_column_inner][\/et_pb_row_inner][et_pb_row_inner column_structure=\"1_2,1_2\" _builder_version=\"3.27.4\" custom_padding=\"0px|||||\"][et_pb_column_inner type=\"1_2\" saved_specialty_column_type=\"3_4\" _builder_version=\"3.27.4\"][et_pb_blurb title=\"Missing Children's Network\" image=\"https:\/\/phil.ca\/wp-content\/uploads\/bg-RERQ-1280-Cropped.jpg\" _builder_version=\"3.27.4\" header_font=\"Nunito Sans|800|||||||\" transform_translate_linked=\"off\" custom_margin=\"||0px||false|false\" custom_margin_tablet=\"\" custom_margin_phone=\"||35px||false|false\" custom_margin_last_edited=\"on|phone\" link_option_url=\"\/missing-childrens-network\/\" locked=\"off\" transform_styles__hover_enabled=\"on|hover\" transform_scale__hover_enabled=\"on|desktop\" transform_translate__hover_enabled=\"on|hover\" transform_rotate__hover_enabled=\"on|desktop\" transform_skew__hover_enabled=\"on|desktop\" transform_origin__hover_enabled=\"on|desktop\" transform_translate__hover=\"0px|-5px\"]<\/p><p>Since 1985, the Missing Children\u2019s Network has worked with families, law-enforcement, and social service agencies to assist in the search for missing children, and to educate the public about children\u2019s personal safety and the prevention of their exploitation and disappearances.<\/p><p><strong>Read more <img class=\"size-medium alignnone\" src=\"https:\/\/phil.ca\/wp-content\/uploads\/CTA_arrow@2x-1.png\" alt=\"\" width=\"5\" height=\"20\" \/><\/strong>[\/et_pb_blurb][\/et_pb_column_inner][et_pb_column_inner type=\"1_2\" saved_specialty_column_type=\"3_4\" _builder_version=\"3.27.4\"][et_pb_blurb title=\"UQAM\u2019s School of Management Sciences\" image=\"https:\/\/phil.ca\/wp-content\/uploads\/uqam-phil-client-Cropped.jpg\" _builder_version=\"3.27.4\" header_font=\"Nunito Sans|800|||||||\" transform_translate_linked=\"off\" custom_margin=\"||0px||false|false\" custom_margin_tablet=\"\" custom_margin_phone=\"||35px||false|false\" custom_margin_last_edited=\"on|phone\" link_option_url=\"\/uqam-esg\/\" locked=\"off\" transform_styles__hover_enabled=\"on|hover\" transform_scale__hover_enabled=\"on|desktop\" transform_translate__hover_enabled=\"on|hover\" transform_rotate__hover_enabled=\"on|desktop\" transform_skew__hover_enabled=\"on|desktop\" transform_origin__hover_enabled=\"on|desktop\" transform_translate__hover=\"0px|-5px\"]<\/p><p>Established in 1969, with the merger of five Montreal educational institutions, Universit\u00e9 du Qu\u00e9bec \u00e0 Montr\u00e9al (UQAM) is the largest of the network of provincially-run public universities (Universit\u00e9 du Qu\u00e9bec).<\/p><p><strong>Read more <img class=\"size-medium alignnone\" src=\"https:\/\/phil.ca\/wp-content\/uploads\/CTA_arrow@2x-1.png\" alt=\"\" width=\"5\" height=\"20\" \/><\/strong><\/p><p>[\/et_pb_blurb][\/et_pb_column_inner][\/et_pb_row_inner][et_pb_row_inner column_structure=\"1_2,1_2\" _builder_version=\"3.27.4\" custom_padding=\"0px|||||\"][et_pb_column_inner type=\"1_2\" saved_specialty_column_type=\"3_4\" _builder_version=\"3.27.4\"][et_pb_blurb title=\" RCAAQ Waskapitan\" image=\"https:\/\/phil.ca\/wp-content\/uploads\/IMG_8442-scaled-1.jpg\" _builder_version=\"4.9.4\" header_font=\"Nunito Sans|800|||||||\" transform_translate_linked=\"off\" custom_margin=\"||0px||false|false\" custom_margin_tablet=\"\" custom_margin_phone=\"||35px||false|false\" custom_margin_last_edited=\"on|phone\" link_option_url=\"\/waskapitan\/\" locked=\"off\" transform_styles__hover_enabled=\"on|hover\" transform_scale__hover_enabled=\"on|desktop\" transform_translate__hover_enabled=\"on|hover\" transform_rotate__hover_enabled=\"on|desktop\" transform_skew__hover_enabled=\"on|desktop\" transform_origin__hover_enabled=\"on|desktop\" transform_translate__hover=\"0px|-5px\"]<\/p><p>The Quebec association of native friendship centres (Regroupement des centres d\u2019amitie\u0301 autochtones du Que\u0301bec \u2013 RCAAQ), has advocated for Indigenous citizens\u2019 rights and interests, and supported native friendship centres across Quebec for over 40 years. It currently represents 11 centres in the province.<\/p><p><strong>Read more <img class=\"size-medium alignnone\" src=\"https:\/\/phil.ca\/wp-content\/uploads\/CTA_arrow@2x-1.png\" alt=\"\" width=\"5\" height=\"20\" \/><\/strong><\/p><p>[\/et_pb_blurb][\/et_pb_column_inner][et_pb_column_inner type=\"1_2\" saved_specialty_column_type=\"3_4\" _builder_version=\"3.27.4\"][\/et_pb_column_inner][\/et_pb_row_inner][\/et_pb_column][\/et_pb_section]<\/p>","_et_gb_content_width":"","inline_featured_image":false,"footnotes":""},"class_list":["post-54422","page","type-page","status-publish","hentry"],"aioseo_notices":[],"_links":{"self":[{"href":"https:\/\/phil.ca\/fr\/wp-json\/wp\/v2\/pages\/54422","targetHints":{"allow":["GET"]}}],"collection":[{"href":"https:\/\/phil.ca\/fr\/wp-json\/wp\/v2\/pages"}],"about":[{"href":"https:\/\/phil.ca\/fr\/wp-json\/wp\/v2\/types\/page"}],"author":[{"embeddable":true,"href":"https:\/\/phil.ca\/fr\/wp-json\/wp\/v2\/users\/5"}],"replies":[{"embeddable":true,"href":"https:\/\/phil.ca\/fr\/wp-json\/wp\/v2\/comments?post=54422"}],"version-history":[{"count":17,"href":"https:\/\/phil.ca\/fr\/wp-json\/wp\/v2\/pages\/54422\/revisions"}],"predecessor-version":[{"id":62155,"href":"https:\/\/phil.ca\/fr\/wp-json\/wp\/v2\/pages\/54422\/revisions\/62155"}],"wp:attachment":[{"href":"https:\/\/phil.ca\/fr\/wp-json\/wp\/v2\/media?parent=54422"}],"curies":[{"name":"wp","href":"https:\/\/api.w.org\/{rel}","templated":true}]}}